{"id":269,"date":"2021-03-18T14:47:42","date_gmt":"2021-03-18T14:47:42","guid":{"rendered":"https:\/\/mimo.eus?page_id=269"},"modified":"2025-06-12T12:26:54","modified_gmt":"2025-06-12T10:26:54","slug":"mimo","status":"publish","type":"page","link":"https:\/\/mimo.eus\/es\/mimo","title":{"rendered":"Mimo"},"content":{"rendered":"<div class=\"wpb-content-wrapper\">[vc_row el_class=\u00bbfila_encabezado\u00bb css=\u00bb.vc_custom_1684762421390{margin-top: 0px !important;margin-bottom: 0px !important;border-top-width: 0px !important;border-bottom-width: 0px !important;padding-top: 0px !important;padding-bottom: 0px !important;}\u00bb id=\u00bbfila_inicio_mimo\u00bb][vc_column][vc_row_inner el_class=\u00bbfila_separadores\u00bb][vc_column_inner width=\u00bb1\/2&#8243; css=\u00bb.vc_custom_1684762670259{margin-top: 0px !important;}\u00bb][vc_column_text css=\u00bb.vc_custom_1684762654929{margin-top: 0px !important;margin-bottom: 0px !important;}\u00bb]\n<h1>OUR PHILOSOPHY<\/h1>\n[\/vc_column_text][\/vc_column_inner][vc_column_inner width=\u00bb1\/2&#8243; css=\u00bb.vc_custom_1684762677586{margin-top: 0px !important;}\u00bb][vc_column_text css=\u00bb.vc_custom_1713529323009{margin-bottom: 0px !important;}\u00bb]Nuestra misi\u00f3n es compartir nuestra pasi\u00f3n por la gastronom\u00eda vasca. La comida no es solo una forma de nutrirnos f\u00edsicamente, es el resultado del clima, el paisaje y la historia del lugar donde se cultiva, y por eso es un hilo conductor valios\u00edsimo para descubrir la cultura.<\/p>\n<p>Esta es la raz\u00f3n por la que\u00a0 compramos productos frescos, de temporada y locales, para mostrarte qu\u00e9 hace especial a la cocina vasca y espa\u00f1ola. No importa si eliges una clase de cocina en grupo o privada, nos aseguraremos de que pruebes un pedacito de nuestra tierra.[\/vc_column_text][\/vc_column_inner][\/vc_row_inner][vc_row_inner][vc_column_inner][vc_column_text css=\u00bb.vc_custom_1713536770737{margin-bottom: 0px !important;}\u00bb]\n<h2><strong>Chefs &amp; Instructores<\/strong><\/h2>\n[\/vc_column_text][mk_padding_divider size=\u00bb10&#8243;][\/vc_column_inner][\/vc_row_inner][vc_row_inner][vc_column_inner width=\u00bb1\/3&#8243;][vc_single_image image=\u00bb18758&#8243; img_size=\u00bbfull\u00bb][vc_column_text css=\u00bb.vc_custom_1713536642374{margin-bottom: 0px !important;}\u00bb]<strong>Patricio Fuentes<\/strong><br \/>\n<em>CEO\u00a0 &amp; Chef<\/em><\/p>\n<p>Patricio es originario de Chile pero vasco de adopci\u00f3n y cuenta con m\u00e1s de 20 a\u00f1os de experiencia trabajando en cocinas de restaurantes en todo el mundo. El amor y la comida lo llevaron al Pa\u00eds Vasco y lo hicieron quedarse. Su pasi\u00f3n por compartir su amor y conocimiento por la gastrom\u00eda con los dem\u00e1s hizo que en 2015 coemnzara a dar clases de cocina en Mimo a todos los amantes de la comida y los viajes, desvelandoles todos los secretos de nuestra gasronom\u00eda y asegur\u00e1ndose de que entiendan el significado de \u00abmimo\u00bb.[\/vc_column_text][vc_column_text css=\u00bb.vc_custom_1713532250071{margin-bottom: 0px !important;}\u00bb]<strong>Comida favorita: <\/strong>El pur\u00e9 de patata de su madre con mantequilla, esp\u00e1rragos y pimienta.<br \/>\n<strong>En su copa encontrar\u00e1s: <\/strong>Una cerveza helada[\/vc_column_text][\/vc_column_inner][vc_column_inner width=\u00bb1\/3&#8243;][vc_single_image image=\u00bb18748&#8243; img_size=\u00bbfull\u00bb][vc_column_text css=\u00bb.vc_custom_1713536652546{margin-bottom: 0px !important;}\u00bb]<b>Eneko Irizar<\/b><br \/>\n<em>CEO &amp; Chef<\/em><\/p>\n<p>Ser parte de la archiconocida familia de Luis Irizar marca y Eneko no pudo luchar contra sus or\u00edgenes. Su talento solo es sobrepasado por sus ganas de conseguir siempre los mejores ingredientes para sacarles chispas, siempre intenta ir m\u00e1s all\u00e1. Te har\u00e1 sentir parte de la familia y har\u00e1 que ames la cocina durante sus clases gracias a sus conocimientos y pasi\u00f3n. Queremos que disfrutes la cocina tanto como nosotros.[\/vc_column_text][vc_column_text css=\u00bb.vc_custom_1713532279575{margin-bottom: 0px !important;}\u00bb]<strong>Comida favorita: <\/strong>Cualquier pescado<br \/>\n<strong>En su copa encontrar\u00e1s: <\/strong>Champagne[\/vc_column_text][\/vc_column_inner][vc_column_inner width=\u00bb1\/3&#8243;][vc_single_image image=\u00bb36993&#8243; img_size=\u00bbfull\u00bb css=\u00bb\u00bb][vc_column_text css=\u00bb.vc_custom_1749723242041{margin-bottom: 0px !important;}\u00bb]<b>Mikel Martija<\/b><br \/>\n<em>Chef &amp; instrtuvtor<\/em><\/p>\n<p data-start=\"159\" data-end=\"965\">Despu\u00e9s de varios a\u00f1os formando parte del equipo Mimo, y una temporada fuera, Mikel ha vuelto a casa y no podemos estar m\u00e1s felices. Cocinero brillante y con una energ\u00eda contagiosa, Mikel es un apasionado de la cocina asi\u00e1tica, que conoce en profundidad gracias a su familia pol\u00edtica en Filipinas, donde adem\u00e1s vivi\u00f3 durante una larga temporada. Pero si hay una cocina que le roba el coraz\u00f3n, esa es la vasca: sus ra\u00edces, sus productos y su tradici\u00f3n marcan su manera de entender la gastronom\u00eda.<br data-start=\"666\" data-end=\"669\" \/>Se form\u00f3 en la Escuela de Cocina Luis Irizar y ha pasado por varios restaurantes, acumulando experiencia y estilo propio.<br data-start=\"790\" data-end=\"793\" \/>Si no lo encuentras en la escuela, probablemente est\u00e9 en el agua: surf, foil o pesca\u2026 El mar es su otra gran pasi\u00f3n, y esa conexi\u00f3n con la naturaleza se nota en sus clases.<\/p>\n<p>.[\/vc_column_text][\/vc_column_inner][\/vc_row_inner][vc_row_inner][vc_column_inner][mk_padding_divider size=\u00bb30&#8243;][vc_column_text css=\u00bb.vc_custom_1713536739333{margin-bottom: 0px !important;}\u00bb]\n<h2><strong>Ventas y Atenci\u00f3n al Cliente<\/strong><\/h2>\n[\/vc_column_text][mk_padding_divider size=\u00bb10&#8243;][\/vc_column_inner][\/vc_row_inner][vc_row_inner][vc_column_inner width=\u00bb1\/3&#8243;][vc_single_image image=\u00bb27645&#8243; img_size=\u00bbfull\u00bb css=\u00bb\u00bb][vc_column_text css=\u00bb.vc_custom_1713529944327{margin-bottom: 0px !important;}\u00bb]<b>Lara Ibiricu<\/b><br \/>\n<em>Sales &amp; Events<\/em><\/p>\n<p>&nbsp;<\/p>\n<p>Lara\u00a0 tambi\u00e9n se une al equipo en esta nueva aventura, ocup\u00e1ndose de la parte administrativa y ventas, para que todo el proceso de reserva sea f\u00e1cil y est\u00e9 a la altura de la experiencia que espera a nuestros clientes. Ser\u00e1 vuestra persona de contacto para todas las peticiones, para que cuando llegue el d\u00eda pueda dejaros en las manos de nuestros expertos cocineros que os brindaran un experiencia inolvidable.[\/vc_column_text][vc_column_text css=\u00bb.vc_custom_1713529966809{margin-bottom: 0px !important;}\u00bb]<strong>Comida favorita: <\/strong>Kokotxas con almejas<br \/>\n<strong>En su copa encontrar\u00e1s: <\/strong>Txakol\u00ed[\/vc_column_text][\/vc_column_inner][vc_column_inner width=\u00bb1\/3&#8243;][\/vc_column_inner][\/vc_row_inner][vc_row_inner][vc_column_inner][mk_padding_divider size=\u00bb30&#8243;][mk_padding_divider size=\u00bb10&#8243;][\/vc_column_inner][\/vc_row_inner][vc_row_inner][vc_column_inner width=\u00bb1\/2&#8243;][\/vc_column_inner][\/vc_row_inner][\/vc_column][\/vc_row]\n<\/div>","protected":false},"excerpt":{"rendered":"<p>[vc_row el_class=\u00bbfila_encabezado\u00bb css=\u00bb.vc_custom_1684762421390{margin-top: 0px !important;margin-bottom: 0px !important;border-top-width: 0px !important;border-bottom-width: 0px !important;padding-top: 0px !important;padding-bottom: 0px !important;}\u00bb id=\u00bbfila_inicio_mimo\u00bb][vc_column][vc_row_inner el_class=\u00bbfila_separadores\u00bb][vc_column_inner width=\u00bb1\/2&#8243; css=\u00bb.vc_custom_1684762670259{margin-top: 0px !important;}\u00bb][vc_column_text css=\u00bb.vc_custom_1684762654929{margin-top: 0px !important;margin-bottom: 0px !important;}\u00bb] OUR PHILOSOPHY [\/vc_column_text][\/vc_column_inner][vc_column_inner width=\u00bb1\/2&#8243; css=\u00bb.vc_custom_1684762677586{margin-top: 0px !important;}\u00bb][vc_column_text css=\u00bb.vc_custom_1713529323009{margin-bottom: 0px !important;}\u00bb]Nuestra misi\u00f3n es compartir nuestra pasi\u00f3n por la gastronom\u00eda vasca. La comida no es solo una forma de nutrirnos f\u00edsicamente, [&hellip;]<\/p>\n","protected":false},"author":198,"featured_media":0,"parent":0,"menu_order":0,"comment_status":"closed","ping_status":"closed","template":"","meta":{"_acf_changed":false,"recipe_title_en":"","recipe_ingredients_es":"","recipe_method_es":"","recipe_ingredients_en":"","recipe_method_en":"","recipe_chef_notes_es":"","recipe_variations_es":"","chefnotes_en":"","variations_en":"","recipe_vimeo_link":"","recipe_families":"","recipe_techniques":"","footnotes":""},"categories":[],"tags":[],"class_list":["post-269","page","type-page","status-publish","hentry"],"acf":[],"yoast_head":"<!-- This site is optimized with the Yoast SEO plugin v27.4 - https:\/\/yoast.com\/product\/yoast-seo-wordpress\/ -->\n<title>About us - Mimo Bite the Experience<\/title>\n<meta name=\"robots\" content=\"index, follow, max-snippet:-1, max-image-preview:large, max-video-preview:-1\" \/>\n<link rel=\"canonical\" href=\"https:\/\/mimo.eus\/es\/mimo\" \/>\n<meta property=\"og:locale\" content=\"es_ES\" \/>\n<meta property=\"og:type\" content=\"article\" \/>\n<meta property=\"og:title\" content=\"About us - Mimo Bite the Experience\" \/>\n<meta property=\"og:description\" content=\"[vc_row el_class=\u00bbfila_encabezado\u00bb css=\u00bb.vc_custom_1684762421390{margin-top: 0px !important;margin-bottom: 0px !important;border-top-width: 0px !important;border-bottom-width: 0px !important;padding-top: 0px !important;padding-bottom: 0px !important;}\u00bb id=\u00bbfila_inicio_mimo\u00bb][vc_column][vc_row_inner el_class=\u00bbfila_separadores\u00bb][vc_column_inner width=\u00bb1\/2&#8243; css=\u00bb.vc_custom_1684762670259{margin-top: 0px !important;}\u00bb][vc_column_text css=\u00bb.vc_custom_1684762654929{margin-top: 0px !important;margin-bottom: 0px !important;}\u00bb] OUR PHILOSOPHY [\/vc_column_text][\/vc_column_inner][vc_column_inner width=\u00bb1\/2&#8243; css=\u00bb.vc_custom_1684762677586{margin-top: 0px !important;}\u00bb][vc_column_text css=\u00bb.vc_custom_1713529323009{margin-bottom: 0px !important;}\u00bb]Nuestra misi\u00f3n es compartir nuestra pasi\u00f3n por la gastronom\u00eda vasca. La comida no es solo una forma de nutrirnos f\u00edsicamente, [&hellip;]\" \/>\n<meta property=\"og:url\" content=\"https:\/\/mimo.eus\/es\/mimo\" \/>\n<meta property=\"og:site_name\" content=\"Mimo Bite the Experience - Cursos de cocina y tours en San Sebasti\u00e1n\" \/>\n<meta property=\"article:modified_time\" content=\"2025-06-12T10:26:54+00:00\" \/>\n<meta name=\"twitter:card\" content=\"summary_large_image\" \/>\n<meta name=\"twitter:label1\" content=\"Tiempo de lectura\" \/>\n\t<meta name=\"twitter:data1\" content=\"3 minutos\" \/>\n<script type=\"application\/ld+json\" class=\"yoast-schema-graph\">{\"@context\":\"https:\\\/\\\/schema.org\",\"@graph\":[{\"@type\":\"WebPage\",\"@id\":\"https:\\\/\\\/mimo.eus\\\/es\\\/mimo\",\"url\":\"https:\\\/\\\/mimo.eus\\\/es\\\/mimo\",\"name\":\"About us - Mimo Bite the Experience\",\"isPartOf\":{\"@id\":\"https:\\\/\\\/mimo.eus\\\/es\\\/#website\"},\"datePublished\":\"2021-03-18T14:47:42+00:00\",\"dateModified\":\"2025-06-12T10:26:54+00:00\",\"breadcrumb\":{\"@id\":\"https:\\\/\\\/mimo.eus\\\/es\\\/mimo#breadcrumb\"},\"inLanguage\":\"es\",\"potentialAction\":[{\"@type\":\"ReadAction\",\"target\":[\"https:\\\/\\\/mimo.eus\\\/es\\\/mimo\"]}]},{\"@type\":\"BreadcrumbList\",\"@id\":\"https:\\\/\\\/mimo.eus\\\/es\\\/mimo#breadcrumb\",\"itemListElement\":[{\"@type\":\"ListItem\",\"position\":1,\"name\":\"Home\",\"item\":\"https:\\\/\\\/mimo.eus\\\/es\"},{\"@type\":\"ListItem\",\"position\":2,\"name\":\"Mimo\"}]},{\"@type\":\"WebSite\",\"@id\":\"https:\\\/\\\/mimo.eus\\\/es\\\/#website\",\"url\":\"https:\\\/\\\/mimo.eus\\\/es\\\/\",\"name\":\"Mimo Bite the Experience - Cursos de cocina y tours en San Sebasti\u00e1n\",\"description\":\"Bite de Experience\",\"publisher\":{\"@id\":\"https:\\\/\\\/mimo.eus\\\/es\\\/#organization\"},\"potentialAction\":[{\"@type\":\"SearchAction\",\"target\":{\"@type\":\"EntryPoint\",\"urlTemplate\":\"https:\\\/\\\/mimo.eus\\\/es\\\/?s={search_term_string}\"},\"query-input\":{\"@type\":\"PropertyValueSpecification\",\"valueRequired\":true,\"valueName\":\"search_term_string\"}}],\"inLanguage\":\"es\"},{\"@type\":\"Organization\",\"@id\":\"https:\\\/\\\/mimo.eus\\\/es\\\/#organization\",\"name\":\"MIMO Bite The Experience\",\"url\":\"https:\\\/\\\/mimo.eus\\\/es\\\/\",\"logo\":{\"@type\":\"ImageObject\",\"inLanguage\":\"es\",\"@id\":\"https:\\\/\\\/mimo.eus\\\/es\\\/#\\\/schema\\\/logo\\\/image\\\/\",\"url\":\"https:\\\/\\\/mimo.eus\\\/wp-content\\\/uploads\\\/2021\\\/03\\\/mimo-logo-footer.png\",\"contentUrl\":\"https:\\\/\\\/mimo.eus\\\/wp-content\\\/uploads\\\/2021\\\/03\\\/mimo-logo-footer.png\",\"width\":265,\"height\":124,\"caption\":\"MIMO Bite The Experience\"},\"image\":{\"@id\":\"https:\\\/\\\/mimo.eus\\\/es\\\/#\\\/schema\\\/logo\\\/image\\\/\"}}]}<\/script>\n<!-- \/ Yoast SEO plugin. -->","yoast_head_json":{"title":"About us - Mimo Bite the Experience","robots":{"index":"index","follow":"follow","max-snippet":"max-snippet:-1","max-image-preview":"max-image-preview:large","max-video-preview":"max-video-preview:-1"},"canonical":"https:\/\/mimo.eus\/es\/mimo","og_locale":"es_ES","og_type":"article","og_title":"About us - Mimo Bite the Experience","og_description":"[vc_row el_class=\u00bbfila_encabezado\u00bb css=\u00bb.vc_custom_1684762421390{margin-top: 0px !important;margin-bottom: 0px !important;border-top-width: 0px !important;border-bottom-width: 0px !important;padding-top: 0px !important;padding-bottom: 0px !important;}\u00bb id=\u00bbfila_inicio_mimo\u00bb][vc_column][vc_row_inner el_class=\u00bbfila_separadores\u00bb][vc_column_inner width=\u00bb1\/2&#8243; css=\u00bb.vc_custom_1684762670259{margin-top: 0px !important;}\u00bb][vc_column_text css=\u00bb.vc_custom_1684762654929{margin-top: 0px !important;margin-bottom: 0px !important;}\u00bb] OUR PHILOSOPHY [\/vc_column_text][\/vc_column_inner][vc_column_inner width=\u00bb1\/2&#8243; css=\u00bb.vc_custom_1684762677586{margin-top: 0px !important;}\u00bb][vc_column_text css=\u00bb.vc_custom_1713529323009{margin-bottom: 0px !important;}\u00bb]Nuestra misi\u00f3n es compartir nuestra pasi\u00f3n por la gastronom\u00eda vasca. La comida no es solo una forma de nutrirnos f\u00edsicamente, [&hellip;]","og_url":"https:\/\/mimo.eus\/es\/mimo","og_site_name":"Mimo Bite the Experience - Cursos de cocina y tours en San Sebasti\u00e1n","article_modified_time":"2025-06-12T10:26:54+00:00","twitter_card":"summary_large_image","twitter_misc":{"Tiempo de lectura":"3 minutos"},"schema":{"@context":"https:\/\/schema.org","@graph":[{"@type":"WebPage","@id":"https:\/\/mimo.eus\/es\/mimo","url":"https:\/\/mimo.eus\/es\/mimo","name":"About us - Mimo Bite the Experience","isPartOf":{"@id":"https:\/\/mimo.eus\/es\/#website"},"datePublished":"2021-03-18T14:47:42+00:00","dateModified":"2025-06-12T10:26:54+00:00","breadcrumb":{"@id":"https:\/\/mimo.eus\/es\/mimo#breadcrumb"},"inLanguage":"es","potentialAction":[{"@type":"ReadAction","target":["https:\/\/mimo.eus\/es\/mimo"]}]},{"@type":"BreadcrumbList","@id":"https:\/\/mimo.eus\/es\/mimo#breadcrumb","itemListElement":[{"@type":"ListItem","position":1,"name":"Home","item":"https:\/\/mimo.eus\/es"},{"@type":"ListItem","position":2,"name":"Mimo"}]},{"@type":"WebSite","@id":"https:\/\/mimo.eus\/es\/#website","url":"https:\/\/mimo.eus\/es\/","name":"Mimo Bite the Experience - Cursos de cocina y tours en San Sebasti\u00e1n","description":"Bite de Experience","publisher":{"@id":"https:\/\/mimo.eus\/es\/#organization"},"potentialAction":[{"@type":"SearchAction","target":{"@type":"EntryPoint","urlTemplate":"https:\/\/mimo.eus\/es\/?s={search_term_string}"},"query-input":{"@type":"PropertyValueSpecification","valueRequired":true,"valueName":"search_term_string"}}],"inLanguage":"es"},{"@type":"Organization","@id":"https:\/\/mimo.eus\/es\/#organization","name":"MIMO Bite The Experience","url":"https:\/\/mimo.eus\/es\/","logo":{"@type":"ImageObject","inLanguage":"es","@id":"https:\/\/mimo.eus\/es\/#\/schema\/logo\/image\/","url":"https:\/\/mimo.eus\/wp-content\/uploads\/2021\/03\/mimo-logo-footer.png","contentUrl":"https:\/\/mimo.eus\/wp-content\/uploads\/2021\/03\/mimo-logo-footer.png","width":265,"height":124,"caption":"MIMO Bite The Experience"},"image":{"@id":"https:\/\/mimo.eus\/es\/#\/schema\/logo\/image\/"}}]}},"_links":{"self":[{"href":"https:\/\/mimo.eus\/es\/wp-json\/wp\/v2\/pages\/269","targetHints":{"allow":["GET"]}}],"collection":[{"href":"https:\/\/mimo.eus\/es\/wp-json\/wp\/v2\/pages"}],"about":[{"href":"https:\/\/mimo.eus\/es\/wp-json\/wp\/v2\/types\/page"}],"author":[{"embeddable":true,"href":"https:\/\/mimo.eus\/es\/wp-json\/wp\/v2\/users\/198"}],"replies":[{"embeddable":true,"href":"https:\/\/mimo.eus\/es\/wp-json\/wp\/v2\/comments?post=269"}],"version-history":[{"count":0,"href":"https:\/\/mimo.eus\/es\/wp-json\/wp\/v2\/pages\/269\/revisions"}],"wp:attachment":[{"href":"https:\/\/mimo.eus\/es\/wp-json\/wp\/v2\/media?parent=269"}],"wp:term":[{"taxonomy":"category","embeddable":true,"href":"https:\/\/mimo.eus\/es\/wp-json\/wp\/v2\/categories?post=269"},{"taxonomy":"post_tag","embeddable":true,"href":"https:\/\/mimo.eus\/es\/wp-json\/wp\/v2\/tags?post=269"}],"curies":[{"name":"wp","href":"https:\/\/api.w.org\/{rel}","templated":true}]}}